{"id":57,"date":"2020-04-29T21:31:57","date_gmt":"2020-04-29T21:31:57","guid":{"rendered":"http:\/\/lunge-braunau.at\/?page_id=57"},"modified":"2025-02-27T18:36:07","modified_gmt":"2025-02-27T18:36:07","slug":"unser-team","status":"publish","type":"page","link":"https:\/\/www.lunge-braunau.at\/?page_id=57","title":{"rendered":"Unser Team"},"content":{"rendered":"\n<p><strong>Dr. Carolin Gro\u00dfruck <\/strong>I Fach\u00e4rztin f\u00fcr Lungenheilkunde<\/p>\n\n\n\n<figure class=\"wp-block-image\"><img loading=\"lazy\" decoding=\"async\" width=\"1024\" height=\"576\" src=\"https:\/\/www.lunge-braunau.at\/wp-content\/uploads\/2022\/07\/caro-1024x576.jpg\" alt=\"\" class=\"wp-image-448\" srcset=\"https:\/\/www.lunge-braunau.at\/wp-content\/uploads\/2022\/07\/caro-1024x576.jpg 1024w, https:\/\/www.lunge-braunau.at\/wp-content\/uploads\/2022\/07\/caro-300x169.jpg 300w, https:\/\/www.lunge-braunau.at\/wp-content\/uploads\/2022\/07\/caro-768x432.jpg 768w, https:\/\/www.lunge-braunau.at\/wp-content\/uploads\/2022\/07\/caro.jpg 1772w\" sizes=\"auto, (max-width: 767px) 89vw, (max-width: 1000px) 54vw, (max-width: 1071px) 543px, 580px\" \/><\/figure>\n\n\n\n<p><strong>Curriculum vitae:<\/strong><\/p>\n\n\n\n<p>Geboren und wohnhaft in Grieskirchen \/ Medizinstudium in Wien \/ Lehrpraxis in Alkoven bei Allgemeinmediziner Dr. Aumayr \/ Turnus und Facharztausbildung im Klinikum Wels-Grieskirchen \/ Fach\u00e4rztin und Ober\u00e4rztin auf der Lungenabteilung im Klinikum Wels-Grieskirchen \/ Leiterin der Erwachsenen-CF-Ambulanz \/ Gruppenpraxis mit Dr. Karl Hochreiter in Braunau ab Oktober 2019 \/ Einzelvertrag seit 01.01.2021 <\/p>\n\n\n\n<p><strong>Ausbildungen und Qualifikationen:<\/strong> <\/p>\n\n\n\n<p>\u00c4rztin f\u00fcr Allgemeinmedizin \/ Fach\u00e4rztin f\u00fcr Lungenheilkunde \/  Palliativdiplom der \u00d6\u00c4K \/ Akupunkturdiplom der \u00d6\u00c4K \/ Diplom f\u00fcr Umweltmedizin der \u00d6\u00c4K \/ Fortbildungsdiplom der \u00d6\u00c4K \/ Ausbildung zum Strahlenschutzbeauftragten \/  Geschulter Raucherberater I und II \/ Zertifikat der \u00d6\u00c4K f\u00fcr Reisemedizin \/ Notarztausbildung 2010 + 2 Refresher (nicht mehr aktiv seit 2016)  \/  Spezialisierungsdiplom der \u00d6\u00c4K f\u00fcr Allergologie<\/p>\n\n\n\n<figure class=\"wp-block-image is-resized\"><img loading=\"lazy\" decoding=\"async\" width=\"1024\" height=\"31\" src=\"https:\/\/www.lunge-braunau.at\/wp-content\/uploads\/2021\/01\/strich-1024x31.jpg\" alt=\"\" class=\"wp-image-154\" style=\"width:644px;height:19px\" srcset=\"https:\/\/www.lunge-braunau.at\/wp-content\/uploads\/2021\/01\/strich-1024x31.jpg 1024w, https:\/\/www.lunge-braunau.at\/wp-content\/uploads\/2021\/01\/strich-300x9.jpg 300w, https:\/\/www.lunge-braunau.at\/wp-content\/uploads\/2021\/01\/strich-768x24.jpg 768w, https:\/\/www.lunge-braunau.at\/wp-content\/uploads\/2021\/01\/strich.jpg 1337w\" sizes=\"auto, (max-width: 767px) 89vw, (max-width: 1000px) 54vw, (max-width: 1071px) 543px, 580px\" \/><\/figure>\n\n\n\n<p><strong>Monika<\/strong> <strong>Hatheier  <\/strong>I Ordinationsassistentin<\/p>\n\n\n\n<figure class=\"wp-block-image\"><img loading=\"lazy\" decoding=\"async\" width=\"1024\" height=\"576\" src=\"https:\/\/www.lunge-braunau.at\/wp-content\/uploads\/2023\/07\/TV-neu_07-2023_12-1024x576.jpg\" alt=\"\" class=\"wp-image-659\" srcset=\"https:\/\/www.lunge-braunau.at\/wp-content\/uploads\/2023\/07\/TV-neu_07-2023_12-1024x576.jpg 1024w, https:\/\/www.lunge-braunau.at\/wp-content\/uploads\/2023\/07\/TV-neu_07-2023_12-300x169.jpg 300w, https:\/\/www.lunge-braunau.at\/wp-content\/uploads\/2023\/07\/TV-neu_07-2023_12-768x432.jpg 768w\" sizes=\"auto, (max-width: 767px) 89vw, (max-width: 1000px) 54vw, (max-width: 1071px) 543px, 580px\" \/><\/figure>\n\n\n\n<figure class=\"wp-block-image\"><img loading=\"lazy\" decoding=\"async\" width=\"1024\" height=\"31\" src=\"https:\/\/www.lunge-braunau.at\/wp-content\/uploads\/2021\/01\/strich-1024x31.jpg\" alt=\"\" class=\"wp-image-154\" srcset=\"https:\/\/www.lunge-braunau.at\/wp-content\/uploads\/2021\/01\/strich-1024x31.jpg 1024w, https:\/\/www.lunge-braunau.at\/wp-content\/uploads\/2021\/01\/strich-300x9.jpg 300w, https:\/\/www.lunge-braunau.at\/wp-content\/uploads\/2021\/01\/strich-768x24.jpg 768w, https:\/\/www.lunge-braunau.at\/wp-content\/uploads\/2021\/01\/strich.jpg 1337w\" sizes=\"auto, (max-width: 767px) 89vw, (max-width: 1000px) 54vw, (max-width: 1071px) 543px, 580px\" \/><\/figure>\n\n\n\n<p><strong>Petra<\/strong> <strong>Kratzer <\/strong> I Ordinationsassistentin<\/p>\n\n\n\n<figure class=\"wp-block-image\"><img loading=\"lazy\" decoding=\"async\" width=\"1024\" height=\"576\" src=\"https:\/\/www.lunge-braunau.at\/wp-content\/uploads\/2023\/05\/katzer-1024x576.jpg\" alt=\"\" class=\"wp-image-641\" srcset=\"https:\/\/www.lunge-braunau.at\/wp-content\/uploads\/2023\/05\/katzer-1024x576.jpg 1024w, https:\/\/www.lunge-braunau.at\/wp-content\/uploads\/2023\/05\/katzer-300x169.jpg 300w, https:\/\/www.lunge-braunau.at\/wp-content\/uploads\/2023\/05\/katzer-768x432.jpg 768w\" sizes=\"auto, (max-width: 767px) 89vw, (max-width: 1000px) 54vw, (max-width: 1071px) 543px, 580px\" \/><\/figure>\n\n\n\n<figure class=\"wp-block-image is-resized\"><img loading=\"lazy\" decoding=\"async\" width=\"1024\" height=\"31\" src=\"https:\/\/www.lunge-braunau.at\/wp-content\/uploads\/2021\/01\/strich-1024x31.jpg\" alt=\"\" class=\"wp-image-154\" style=\"width:644px;height:19px\" srcset=\"https:\/\/www.lunge-braunau.at\/wp-content\/uploads\/2021\/01\/strich-1024x31.jpg 1024w, https:\/\/www.lunge-braunau.at\/wp-content\/uploads\/2021\/01\/strich-300x9.jpg 300w, https:\/\/www.lunge-braunau.at\/wp-content\/uploads\/2021\/01\/strich-768x24.jpg 768w, https:\/\/www.lunge-braunau.at\/wp-content\/uploads\/2021\/01\/strich.jpg 1337w\" sizes=\"auto, (max-width: 767px) 89vw, (max-width: 1000px) 54vw, (max-width: 1071px) 543px, 580px\" \/><\/figure>\n\n\n\n<p>Evelyn Petschenig<strong> <\/strong> I Ordinationsassistentin<\/p>\n\n\n\n<figure class=\"wp-block-image size-large\"><img loading=\"lazy\" decoding=\"async\" width=\"1024\" height=\"576\" src=\"https:\/\/www.lunge-braunau.at\/wp-content\/uploads\/2025\/01\/TV-neu_01-2025_Seite_16-1024x576.jpg\" alt=\"\" class=\"wp-image-766\" srcset=\"https:\/\/www.lunge-braunau.at\/wp-content\/uploads\/2025\/01\/TV-neu_01-2025_Seite_16-1024x576.jpg 1024w, https:\/\/www.lunge-braunau.at\/wp-content\/uploads\/2025\/01\/TV-neu_01-2025_Seite_16-300x169.jpg 300w, https:\/\/www.lunge-braunau.at\/wp-content\/uploads\/2025\/01\/TV-neu_01-2025_Seite_16-768x432.jpg 768w, https:\/\/www.lunge-braunau.at\/wp-content\/uploads\/2025\/01\/TV-neu_01-2025_Seite_16-1536x864.jpg 1536w, https:\/\/www.lunge-braunau.at\/wp-content\/uploads\/2025\/01\/TV-neu_01-2025_Seite_16-2048x1152.jpg 2048w\" sizes=\"auto, (max-width: 767px) 89vw, (max-width: 1000px) 54vw, (max-width: 1071px) 543px, 580px\" \/><\/figure>\n\n\n\n<p><\/p>\n","protected":false},"excerpt":{"rendered":"<p>Dr. Carolin Gro\u00dfruck I Fach\u00e4rztin f\u00fcr Lungenheilkunde Curriculum vitae: Geboren und wohnhaft in Grieskirchen \/ Medizinstudium in Wien \/ Lehrpraxis in Alkoven bei Allgemeinmediziner Dr. Aumayr \/ Turnus und Facharztausbildung im Klinikum Wels-Grieskirchen \/ Fach\u00e4rztin und Ober\u00e4rztin auf der Lungenabteilung im Klinikum Wels-Grieskirchen \/ Leiterin der Erwachsenen-CF-Ambulanz \/ Gruppenpraxis mit Dr. Karl Hochreiter in Braunau &hellip; <\/p>\n<p class=\"link-more\"><a href=\"https:\/\/www.lunge-braunau.at\/?page_id=57\" class=\"more-link\"><span class=\"screen-reader-text\">\u201eUnser Team\u201c<\/span> weiterlesen<\/a><\/p>\n","protected":false},"author":2,"featured_media":134,"parent":0,"menu_order":0,"comment_status":"closed","ping_status":"closed","template":"","meta":{"footnotes":""},"class_list":["post-57","page","type-page","status-publish","has-post-thumbnail","hentry"],"_links":{"self":[{"href":"https:\/\/www.lunge-braunau.at\/index.php?rest_route=\/wp\/v2\/pages\/57","targetHints":{"allow":["GET"]}}],"collection":[{"href":"https:\/\/www.lunge-braunau.at\/index.php?rest_route=\/wp\/v2\/pages"}],"about":[{"href":"https:\/\/www.lunge-braunau.at\/index.php?rest_route=\/wp\/v2\/types\/page"}],"author":[{"embeddable":true,"href":"https:\/\/www.lunge-braunau.at\/index.php?rest_route=\/wp\/v2\/users\/2"}],"replies":[{"embeddable":true,"href":"https:\/\/www.lunge-braunau.at\/index.php?rest_route=%2Fwp%2Fv2%2Fcomments&post=57"}],"version-history":[{"count":41,"href":"https:\/\/www.lunge-braunau.at\/index.php?rest_route=\/wp\/v2\/pages\/57\/revisions"}],"predecessor-version":[{"id":798,"href":"https:\/\/www.lunge-braunau.at\/index.php?rest_route=\/wp\/v2\/pages\/57\/revisions\/798"}],"wp:featuredmedia":[{"embeddable":true,"href":"https:\/\/www.lunge-braunau.at\/index.php?rest_route=\/wp\/v2\/media\/134"}],"wp:attachment":[{"href":"https:\/\/www.lunge-braunau.at\/index.php?rest_route=%2Fwp%2Fv2%2Fmedia&parent=57"}],"curies":[{"name":"wp","href":"https:\/\/api.w.org\/{rel}","templated":true}]}}