{"id":178,"date":"2021-02-07T11:02:44","date_gmt":"2021-02-07T11:02:44","guid":{"rendered":"http:\/\/lunge-braunau.at\/?page_id=178"},"modified":"2026-04-14T14:33:33","modified_gmt":"2026-04-14T14:33:33","slug":"sars-covid-19-info","status":"publish","type":"page","link":"https:\/\/www.lunge-braunau.at\/?page_id=178","title":{"rendered":"Aktuelles"},"content":{"rendered":"\n<p class=\"has-vivid-red-color has-text-color has-link-color wp-elements-811e676256263ce4aae4fd26ae8a41ad\" style=\"font-size:25px\"><strong>Unsere Ordination ist geschlossen :<\/strong><\/p>\n\n\n\n<p class=\"has-vivid-red-color has-text-color has-link-color wp-elements-588bbeeeb289dadd012ec46b241e0d35\" style=\"font-size:25px\">11. bis 15. Mai und 29. Juni 2026<\/p>\n\n\n\n<figure class=\"wp-block-image\"><img loading=\"lazy\" decoding=\"async\" width=\"1024\" height=\"31\" src=\"https:\/\/www.lunge-braunau.at\/wp-content\/uploads\/2021\/01\/strich-1024x31.jpg\" alt=\"\" class=\"wp-image-154\" srcset=\"https:\/\/www.lunge-braunau.at\/wp-content\/uploads\/2021\/01\/strich-1024x31.jpg 1024w, https:\/\/www.lunge-braunau.at\/wp-content\/uploads\/2021\/01\/strich-300x9.jpg 300w, https:\/\/www.lunge-braunau.at\/wp-content\/uploads\/2021\/01\/strich-768x24.jpg 768w, https:\/\/www.lunge-braunau.at\/wp-content\/uploads\/2021\/01\/strich.jpg 1337w\" sizes=\"auto, (max-width: 767px) 89vw, (max-width: 1000px) 54vw, (max-width: 1071px) 543px, 580px\" \/><\/figure>\n\n\n\n<p class=\"has-medium-font-size\"><strong>BITTE BEACHTEN!<\/strong><\/p>\n\n\n\n<p><strong>\u00d6sterreichische Kassen\u00e4rztin, keinen Vertrag \/ Abrechnung mit deutscher Krankenkasse <\/strong><\/p>\n\n\n\n<figure class=\"wp-block-image\"><img loading=\"lazy\" decoding=\"async\" width=\"1024\" height=\"31\" src=\"https:\/\/www.lunge-braunau.at\/wp-content\/uploads\/2021\/01\/strich-1024x31.jpg\" alt=\"\" class=\"wp-image-154\" srcset=\"https:\/\/www.lunge-braunau.at\/wp-content\/uploads\/2021\/01\/strich-1024x31.jpg 1024w, https:\/\/www.lunge-braunau.at\/wp-content\/uploads\/2021\/01\/strich-300x9.jpg 300w, https:\/\/www.lunge-braunau.at\/wp-content\/uploads\/2021\/01\/strich-768x24.jpg 768w, https:\/\/www.lunge-braunau.at\/wp-content\/uploads\/2021\/01\/strich.jpg 1337w\" sizes=\"auto, (max-width: 767px) 89vw, (max-width: 1000px) 54vw, (max-width: 1071px) 543px, 580px\" \/><\/figure>\n\n\n\n<figure class=\"wp-block-image size-large\"><img loading=\"lazy\" decoding=\"async\" width=\"1024\" height=\"576\" src=\"https:\/\/www.lunge-braunau.at\/wp-content\/uploads\/2025\/01\/Fax-1024x576.jpg\" alt=\"\" class=\"wp-image-781\" srcset=\"https:\/\/www.lunge-braunau.at\/wp-content\/uploads\/2025\/01\/Fax-1024x576.jpg 1024w, https:\/\/www.lunge-braunau.at\/wp-content\/uploads\/2025\/01\/Fax-300x169.jpg 300w, https:\/\/www.lunge-braunau.at\/wp-content\/uploads\/2025\/01\/Fax-768x432.jpg 768w, https:\/\/www.lunge-braunau.at\/wp-content\/uploads\/2025\/01\/Fax-1536x864.jpg 1536w, https:\/\/www.lunge-braunau.at\/wp-content\/uploads\/2025\/01\/Fax-2048x1152.jpg 2048w\" sizes=\"auto, (max-width: 767px) 89vw, (max-width: 1000px) 54vw, (max-width: 1071px) 543px, 580px\" \/><\/figure>\n\n\n\n<figure class=\"wp-block-image\"><img loading=\"lazy\" decoding=\"async\" width=\"1024\" height=\"31\" src=\"https:\/\/www.lunge-braunau.at\/wp-content\/uploads\/2021\/01\/strich-1024x31.jpg\" alt=\"\" class=\"wp-image-154\" srcset=\"https:\/\/www.lunge-braunau.at\/wp-content\/uploads\/2021\/01\/strich-1024x31.jpg 1024w, https:\/\/www.lunge-braunau.at\/wp-content\/uploads\/2021\/01\/strich-300x9.jpg 300w, https:\/\/www.lunge-braunau.at\/wp-content\/uploads\/2021\/01\/strich-768x24.jpg 768w, https:\/\/www.lunge-braunau.at\/wp-content\/uploads\/2021\/01\/strich.jpg 1337w\" sizes=\"auto, (max-width: 767px) 89vw, (max-width: 1000px) 54vw, (max-width: 1071px) 543px, 580px\" \/><\/figure>\n\n\n\n<p class=\"has-medium-font-size\"><strong>ACHTUNG!<\/strong><\/p>\n\n\n\n<p><strong>Medizinische Auskunft per E-Mail ist nicht m\u00f6glich!<\/strong><\/p>\n\n\n\n<figure class=\"wp-block-image\"><img loading=\"lazy\" decoding=\"async\" width=\"1024\" height=\"31\" src=\"https:\/\/www.lunge-braunau.at\/wp-content\/uploads\/2021\/01\/strich-1024x31.jpg\" alt=\"\" class=\"wp-image-154\" srcset=\"https:\/\/www.lunge-braunau.at\/wp-content\/uploads\/2021\/01\/strich-1024x31.jpg 1024w, https:\/\/www.lunge-braunau.at\/wp-content\/uploads\/2021\/01\/strich-300x9.jpg 300w, https:\/\/www.lunge-braunau.at\/wp-content\/uploads\/2021\/01\/strich-768x24.jpg 768w, https:\/\/www.lunge-braunau.at\/wp-content\/uploads\/2021\/01\/strich.jpg 1337w\" sizes=\"auto, (max-width: 767px) 89vw, (max-width: 1000px) 54vw, (max-width: 1071px) 543px, 580px\" \/><\/figure>\n\n\n\n<figure class=\"wp-block-image\"><img loading=\"lazy\" decoding=\"async\" width=\"1024\" height=\"576\" src=\"https:\/\/www.lunge-braunau.at\/wp-content\/uploads\/2023\/07\/TV-neu_07-2023_48-1024x576.jpg\" alt=\"\" class=\"wp-image-664\" srcset=\"https:\/\/www.lunge-braunau.at\/wp-content\/uploads\/2023\/07\/TV-neu_07-2023_48-1024x576.jpg 1024w, https:\/\/www.lunge-braunau.at\/wp-content\/uploads\/2023\/07\/TV-neu_07-2023_48-300x169.jpg 300w, https:\/\/www.lunge-braunau.at\/wp-content\/uploads\/2023\/07\/TV-neu_07-2023_48-768x432.jpg 768w\" sizes=\"auto, (max-width: 767px) 89vw, (max-width: 1000px) 54vw, (max-width: 1071px) 543px, 580px\" \/><\/figure>\n\n\n\n<p class=\"has-medium-font-size\"><strong>WICHTIG!<\/strong><\/p>\n\n\n\n<p>F\u00fcr Ihren Ordinationsbesuch ben\u00f6tigen Sie die aktuelle <strong>Medikamentenliste<\/strong>, <strong>die e-card <\/strong>und r<strong>elevante Vorbefunde <\/strong>(Lunge, Herz, Blutbefunde)<\/p>\n\n\n\n<p>Es ist ausreichend,<strong> wenn Sie maximal 10 Minuten vor dem vereinbarten Termin <\/strong>, in die Ordination kommen. <\/p>\n\n\n\n<p><strong>Stornieren<\/strong> Sie nicht ben\u00f6tigte Termine rechtzeitig (24 h ) <strong>telefonisch oder via email.<\/strong><\/p>\n\n\n\n<figure class=\"wp-block-image\"><img loading=\"lazy\" decoding=\"async\" width=\"1024\" height=\"31\" src=\"https:\/\/www.lunge-braunau.at\/wp-content\/uploads\/2021\/01\/strich-1024x31.jpg\" alt=\"\" class=\"wp-image-154\" srcset=\"https:\/\/www.lunge-braunau.at\/wp-content\/uploads\/2021\/01\/strich-1024x31.jpg 1024w, https:\/\/www.lunge-braunau.at\/wp-content\/uploads\/2021\/01\/strich-300x9.jpg 300w, https:\/\/www.lunge-braunau.at\/wp-content\/uploads\/2021\/01\/strich-768x24.jpg 768w, https:\/\/www.lunge-braunau.at\/wp-content\/uploads\/2021\/01\/strich.jpg 1337w\" sizes=\"auto, (max-width: 767px) 89vw, (max-width: 1000px) 54vw, (max-width: 1071px) 543px, 580px\" \/><\/figure>\n\n\n\n<p class=\"has-medium-font-size\"><strong>IMPFUNGEN <\/strong>:  Pneumokokken, RSV, Influenza <\/p>\n\n\n\n<p><strong>RSV Impfstoff<\/strong> ist  aus der Apotheke mitzubringen<\/p>\n\n\n\n<p><strong>Influenzaimpfstoff<\/strong> ab HERBST 25 in der Ordination<\/p>\n\n\n\n<p><strong>Pneumokokkenimpfstoff <\/strong>ab November 25 in der Ordination <\/p>\n\n\n\n<figure class=\"wp-block-image\"><img loading=\"lazy\" decoding=\"async\" width=\"1024\" height=\"31\" src=\"https:\/\/www.lunge-braunau.at\/wp-content\/uploads\/2021\/01\/strich-1024x31.jpg\" alt=\"\" class=\"wp-image-154\" srcset=\"https:\/\/www.lunge-braunau.at\/wp-content\/uploads\/2021\/01\/strich-1024x31.jpg 1024w, https:\/\/www.lunge-braunau.at\/wp-content\/uploads\/2021\/01\/strich-300x9.jpg 300w, https:\/\/www.lunge-braunau.at\/wp-content\/uploads\/2021\/01\/strich-768x24.jpg 768w, https:\/\/www.lunge-braunau.at\/wp-content\/uploads\/2021\/01\/strich.jpg 1337w\" sizes=\"auto, (max-width: 767px) 89vw, (max-width: 1000px) 54vw, (max-width: 1071px) 543px, 580px\" \/><\/figure>\n\n\n\n<p class=\"has-medium-font-size\"><strong>ALLE KRANKENKASSEN UND PRIVAT<\/strong><\/p>\n\n\n\n<figure class=\"wp-block-image\"><img loading=\"lazy\" decoding=\"async\" width=\"1024\" height=\"31\" src=\"https:\/\/www.lunge-braunau.at\/wp-content\/uploads\/2021\/01\/strich-1024x31.jpg\" alt=\"\" class=\"wp-image-154\" srcset=\"https:\/\/www.lunge-braunau.at\/wp-content\/uploads\/2021\/01\/strich-1024x31.jpg 1024w, https:\/\/www.lunge-braunau.at\/wp-content\/uploads\/2021\/01\/strich-300x9.jpg 300w, https:\/\/www.lunge-braunau.at\/wp-content\/uploads\/2021\/01\/strich-768x24.jpg 768w, https:\/\/www.lunge-braunau.at\/wp-content\/uploads\/2021\/01\/strich.jpg 1337w\" sizes=\"auto, (max-width: 767px) 89vw, (max-width: 1000px) 54vw, (max-width: 1071px) 543px, 580px\" \/><\/figure>\n\n\n\n<p class=\"has-medium-font-size\"><strong>PARKPL\u00c4TZE:<\/strong><\/p>\n\n\n\n<p>Gegen\u00fcber der Ordination sind \u00f6ffentliche Parkpl\u00e4tze vorhanden, die w\u00e4hrend der Ordinationszeiten den Patienten:innen zur Verf\u00fcgung stehen.<\/p>\n\n\n\n<figure class=\"wp-block-image size-large\"><img loading=\"lazy\" decoding=\"async\" width=\"1024\" height=\"576\" src=\"https:\/\/www.lunge-braunau.at\/wp-content\/uploads\/2025\/01\/Parkplatz-1024x576.jpg\" alt=\"\" class=\"wp-image-778\" srcset=\"https:\/\/www.lunge-braunau.at\/wp-content\/uploads\/2025\/01\/Parkplatz-1024x576.jpg 1024w, https:\/\/www.lunge-braunau.at\/wp-content\/uploads\/2025\/01\/Parkplatz-300x169.jpg 300w, https:\/\/www.lunge-braunau.at\/wp-content\/uploads\/2025\/01\/Parkplatz-768x432.jpg 768w, https:\/\/www.lunge-braunau.at\/wp-content\/uploads\/2025\/01\/Parkplatz-1536x864.jpg 1536w, https:\/\/www.lunge-braunau.at\/wp-content\/uploads\/2025\/01\/Parkplatz-2048x1152.jpg 2048w\" sizes=\"auto, (max-width: 767px) 89vw, (max-width: 1000px) 54vw, (max-width: 1071px) 543px, 580px\" \/><\/figure>\n\n\n\n<figure class=\"wp-block-image\"><img loading=\"lazy\" decoding=\"async\" width=\"1024\" height=\"31\" src=\"https:\/\/www.lunge-braunau.at\/wp-content\/uploads\/2021\/01\/strich-1024x31.jpg\" alt=\"\" class=\"wp-image-154\" srcset=\"https:\/\/www.lunge-braunau.at\/wp-content\/uploads\/2021\/01\/strich-1024x31.jpg 1024w, https:\/\/www.lunge-braunau.at\/wp-content\/uploads\/2021\/01\/strich-300x9.jpg 300w, https:\/\/www.lunge-braunau.at\/wp-content\/uploads\/2021\/01\/strich-768x24.jpg 768w, https:\/\/www.lunge-braunau.at\/wp-content\/uploads\/2021\/01\/strich.jpg 1337w\" sizes=\"auto, (max-width: 767px) 89vw, (max-width: 1000px) 54vw, (max-width: 1071px) 543px, 580px\" \/><\/figure>\n\n\n\n<p class=\"has-medium-font-size\"><strong>BEI INFEKTIONSKRANKHEITEN:<\/strong><\/p>\n\n\n\n<p>Bei Erk\u00e4ltungssymptomen (Fieber, Husten, Schnupfen) ist es w\u00fcnschenswert, weiterhin eine Nasenmundmaske oder FFP2 Maske im Warteraum zu tragen.<\/p>\n\n\n\n<figure class=\"wp-block-image\"><img loading=\"lazy\" decoding=\"async\" width=\"1024\" height=\"576\" src=\"https:\/\/www.lunge-braunau.at\/wp-content\/uploads\/2023\/04\/TV-neu_04-2023_33-1024x576.jpg\" alt=\"\" class=\"wp-image-629\" srcset=\"https:\/\/www.lunge-braunau.at\/wp-content\/uploads\/2023\/04\/TV-neu_04-2023_33-1024x576.jpg 1024w, https:\/\/www.lunge-braunau.at\/wp-content\/uploads\/2023\/04\/TV-neu_04-2023_33-300x169.jpg 300w, https:\/\/www.lunge-braunau.at\/wp-content\/uploads\/2023\/04\/TV-neu_04-2023_33-768x432.jpg 768w\" sizes=\"auto, (max-width: 767px) 89vw, (max-width: 1000px) 54vw, (max-width: 1071px) 543px, 580px\" \/><\/figure>\n\n\n\n<figure class=\"wp-block-image\"><img loading=\"lazy\" decoding=\"async\" width=\"1024\" height=\"31\" src=\"https:\/\/www.lunge-braunau.at\/wp-content\/uploads\/2021\/01\/strich-1024x31.jpg\" alt=\"\" class=\"wp-image-154\" srcset=\"https:\/\/www.lunge-braunau.at\/wp-content\/uploads\/2021\/01\/strich-1024x31.jpg 1024w, https:\/\/www.lunge-braunau.at\/wp-content\/uploads\/2021\/01\/strich-300x9.jpg 300w, https:\/\/www.lunge-braunau.at\/wp-content\/uploads\/2021\/01\/strich-768x24.jpg 768w, https:\/\/www.lunge-braunau.at\/wp-content\/uploads\/2021\/01\/strich.jpg 1337w\" sizes=\"auto, (max-width: 767px) 89vw, (max-width: 1000px) 54vw, (max-width: 1071px) 543px, 580px\" \/><\/figure>\n\n\n\n<p class=\"has-medium-font-size\"><strong>TERMINERINNERUNG VIA SMS<\/strong><\/p>\n\n\n\n<p>Zur Terminerinnerung haben wir ein SMS-Tool aktiviert. Bitte antworten Sie nicht auf diese SMS. Sollten Sie diese Funktion nicht w\u00fcnschen, informieren Sie uns telefonisch. Wenn Sie den Termin nicht einhalten k\u00f6nnen oder verschieben m\u00f6chten, kontaktieren Sie uns bitte telefonisch (07722-84140)<\/p>\n\n\n\n<figure class=\"wp-block-image\"><img loading=\"lazy\" decoding=\"async\" width=\"1024\" height=\"576\" src=\"https:\/\/www.lunge-braunau.at\/wp-content\/uploads\/2023\/01\/TV-neu_42-1024x576.jpg\" alt=\"\" class=\"wp-image-562\" srcset=\"https:\/\/www.lunge-braunau.at\/wp-content\/uploads\/2023\/01\/TV-neu_42-1024x576.jpg 1024w, https:\/\/www.lunge-braunau.at\/wp-content\/uploads\/2023\/01\/TV-neu_42-300x169.jpg 300w, https:\/\/www.lunge-braunau.at\/wp-content\/uploads\/2023\/01\/TV-neu_42-768x432.jpg 768w\" sizes=\"auto, (max-width: 767px) 89vw, (max-width: 1000px) 54vw, (max-width: 1071px) 543px, 580px\" \/><\/figure>\n\n\n\n<figure class=\"wp-block-image\"><img loading=\"lazy\" decoding=\"async\" width=\"1024\" height=\"31\" src=\"https:\/\/www.lunge-braunau.at\/wp-content\/uploads\/2021\/01\/strich-1024x31.jpg\" alt=\"\" class=\"wp-image-154\" srcset=\"https:\/\/www.lunge-braunau.at\/wp-content\/uploads\/2021\/01\/strich-1024x31.jpg 1024w, https:\/\/www.lunge-braunau.at\/wp-content\/uploads\/2021\/01\/strich-300x9.jpg 300w, https:\/\/www.lunge-braunau.at\/wp-content\/uploads\/2021\/01\/strich-768x24.jpg 768w, https:\/\/www.lunge-braunau.at\/wp-content\/uploads\/2021\/01\/strich.jpg 1337w\" sizes=\"auto, (max-width: 767px) 89vw, (max-width: 1000px) 54vw, (max-width: 1071px) 543px, 580px\" \/><\/figure>\n\n\n\n<p class=\"has-medium-font-size\"><strong>VERS\u00c4UMNISGEB\u00dcHR<\/strong><\/p>\n\n\n\n<p>Nicht abgesagte Termine bzw. vor Ort nicht wahrgenommene und bereits vereinbarte Termine werden verrechnet (AUSFALLSHONORAR).  Nur abgesagte Termine k\u00f6nnen ein optimales Terminmanagement gew\u00e4hrleisten und anderen Patienten eine raschere Untersuchung erm\u00f6glichen. Wir bitten um Verst\u00e4ndnis!<\/p>\n\n\n\n<figure class=\"wp-block-image\"><img loading=\"lazy\" decoding=\"async\" width=\"1024\" height=\"31\" src=\"https:\/\/www.lunge-braunau.at\/wp-content\/uploads\/2021\/01\/strich-1024x31.jpg\" alt=\"\" class=\"wp-image-154\" srcset=\"https:\/\/www.lunge-braunau.at\/wp-content\/uploads\/2021\/01\/strich-1024x31.jpg 1024w, https:\/\/www.lunge-braunau.at\/wp-content\/uploads\/2021\/01\/strich-300x9.jpg 300w, https:\/\/www.lunge-braunau.at\/wp-content\/uploads\/2021\/01\/strich-768x24.jpg 768w, https:\/\/www.lunge-braunau.at\/wp-content\/uploads\/2021\/01\/strich.jpg 1337w\" sizes=\"auto, (max-width: 767px) 89vw, (max-width: 1000px) 54vw, (max-width: 1071px) 543px, 580px\" \/><\/figure>\n\n\n\n<figure class=\"wp-block-image\"><img loading=\"lazy\" decoding=\"async\" width=\"1024\" height=\"576\" src=\"https:\/\/www.lunge-braunau.at\/wp-content\/uploads\/2022\/07\/termine-1024x576.jpg\" alt=\"\" class=\"wp-image-465\" srcset=\"https:\/\/www.lunge-braunau.at\/wp-content\/uploads\/2022\/07\/termine-1024x576.jpg 1024w, https:\/\/www.lunge-braunau.at\/wp-content\/uploads\/2022\/07\/termine-300x169.jpg 300w, https:\/\/www.lunge-braunau.at\/wp-content\/uploads\/2022\/07\/termine-768x432.jpg 768w, https:\/\/www.lunge-braunau.at\/wp-content\/uploads\/2022\/07\/termine.jpg 1772w\" sizes=\"auto, (max-width: 767px) 89vw, (max-width: 1000px) 54vw, (max-width: 1071px) 543px, 580px\" \/><\/figure>\n\n\n\n<figure class=\"wp-block-image\"><img loading=\"lazy\" decoding=\"async\" width=\"1024\" height=\"31\" src=\"https:\/\/www.lunge-braunau.at\/wp-content\/uploads\/2021\/01\/strich-1024x31.jpg\" alt=\"\" class=\"wp-image-154\" srcset=\"https:\/\/www.lunge-braunau.at\/wp-content\/uploads\/2021\/01\/strich-1024x31.jpg 1024w, https:\/\/www.lunge-braunau.at\/wp-content\/uploads\/2021\/01\/strich-300x9.jpg 300w, https:\/\/www.lunge-braunau.at\/wp-content\/uploads\/2021\/01\/strich-768x24.jpg 768w, https:\/\/www.lunge-braunau.at\/wp-content\/uploads\/2021\/01\/strich.jpg 1337w\" sizes=\"auto, (max-width: 767px) 89vw, (max-width: 1000px) 54vw, (max-width: 1071px) 543px, 580px\" \/><\/figure>\n\n\n\n<figure class=\"wp-block-image\"><img loading=\"lazy\" decoding=\"async\" width=\"1024\" height=\"576\" src=\"https:\/\/www.lunge-braunau.at\/wp-content\/uploads\/2023\/07\/TV-neu_07-2023_44-1024x576.jpg\" alt=\"\" class=\"wp-image-662\" srcset=\"https:\/\/www.lunge-braunau.at\/wp-content\/uploads\/2023\/07\/TV-neu_07-2023_44-1024x576.jpg 1024w, https:\/\/www.lunge-braunau.at\/wp-content\/uploads\/2023\/07\/TV-neu_07-2023_44-300x169.jpg 300w, https:\/\/www.lunge-braunau.at\/wp-content\/uploads\/2023\/07\/TV-neu_07-2023_44-768x432.jpg 768w\" sizes=\"auto, (max-width: 767px) 89vw, (max-width: 1000px) 54vw, (max-width: 1071px) 543px, 580px\" \/><\/figure>\n\n\n\n<figure class=\"wp-block-image\"><img loading=\"lazy\" decoding=\"async\" width=\"1024\" height=\"576\" src=\"https:\/\/www.lunge-braunau.at\/wp-content\/uploads\/2023\/07\/TV-neu_07-2023_45-1024x576.jpg\" alt=\"\" class=\"wp-image-663\" srcset=\"https:\/\/www.lunge-braunau.at\/wp-content\/uploads\/2023\/07\/TV-neu_07-2023_45-1024x576.jpg 1024w, https:\/\/www.lunge-braunau.at\/wp-content\/uploads\/2023\/07\/TV-neu_07-2023_45-300x169.jpg 300w, https:\/\/www.lunge-braunau.at\/wp-content\/uploads\/2023\/07\/TV-neu_07-2023_45-768x432.jpg 768w\" sizes=\"auto, (max-width: 767px) 89vw, (max-width: 1000px) 54vw, (max-width: 1071px) 543px, 580px\" \/><\/figure>\n\n\n\n<figure class=\"wp-block-image\"><img loading=\"lazy\" decoding=\"async\" width=\"1024\" height=\"31\" src=\"https:\/\/www.lunge-braunau.at\/wp-content\/uploads\/2021\/01\/strich-1024x31.jpg\" alt=\"\" class=\"wp-image-154\" srcset=\"https:\/\/www.lunge-braunau.at\/wp-content\/uploads\/2021\/01\/strich-1024x31.jpg 1024w, https:\/\/www.lunge-braunau.at\/wp-content\/uploads\/2021\/01\/strich-300x9.jpg 300w, https:\/\/www.lunge-braunau.at\/wp-content\/uploads\/2021\/01\/strich-768x24.jpg 768w, https:\/\/www.lunge-braunau.at\/wp-content\/uploads\/2021\/01\/strich.jpg 1337w\" sizes=\"auto, (max-width: 767px) 89vw, (max-width: 1000px) 54vw, (max-width: 1071px) 543px, 580px\" \/><\/figure>\n\n\n\n<p><\/p>\n","protected":false},"excerpt":{"rendered":"<p>Unsere Ordination ist geschlossen : 11. bis 15. Mai und 29. Juni 2026 BITTE BEACHTEN! \u00d6sterreichische Kassen\u00e4rztin, keinen Vertrag \/ Abrechnung mit deutscher Krankenkasse ACHTUNG! Medizinische Auskunft per E-Mail ist nicht m\u00f6glich! WICHTIG! F\u00fcr Ihren Ordinationsbesuch ben\u00f6tigen Sie die aktuelle Medikamentenliste, die e-card und relevante Vorbefunde (Lunge, Herz, Blutbefunde) Es ist ausreichend, wenn Sie maximal &hellip; <\/p>\n<p class=\"link-more\"><a href=\"https:\/\/www.lunge-braunau.at\/?page_id=178\" class=\"more-link\"><span class=\"screen-reader-text\">\u201eAktuelles\u201c<\/span> weiterlesen<\/a><\/p>\n","protected":false},"author":2,"featured_media":134,"parent":0,"menu_order":0,"comment_status":"closed","ping_status":"closed","template":"","meta":{"footnotes":""},"class_list":["post-178","page","type-page","status-publish","has-post-thumbnail","hentry"],"_links":{"self":[{"href":"https:\/\/www.lunge-braunau.at\/index.php?rest_route=\/wp\/v2\/pages\/178","targetHints":{"allow":["GET"]}}],"collection":[{"href":"https:\/\/www.lunge-braunau.at\/index.php?rest_route=\/wp\/v2\/pages"}],"about":[{"href":"https:\/\/www.lunge-braunau.at\/index.php?rest_route=\/wp\/v2\/types\/page"}],"author":[{"embeddable":true,"href":"https:\/\/www.lunge-braunau.at\/index.php?rest_route=\/wp\/v2\/users\/2"}],"replies":[{"embeddable":true,"href":"https:\/\/www.lunge-braunau.at\/index.php?rest_route=%2Fwp%2Fv2%2Fcomments&post=178"}],"version-history":[{"count":208,"href":"https:\/\/www.lunge-braunau.at\/index.php?rest_route=\/wp\/v2\/pages\/178\/revisions"}],"predecessor-version":[{"id":953,"href":"https:\/\/www.lunge-braunau.at\/index.php?rest_route=\/wp\/v2\/pages\/178\/revisions\/953"}],"wp:featuredmedia":[{"embeddable":true,"href":"https:\/\/www.lunge-braunau.at\/index.php?rest_route=\/wp\/v2\/media\/134"}],"wp:attachment":[{"href":"https:\/\/www.lunge-braunau.at\/index.php?rest_route=%2Fwp%2Fv2%2Fmedia&parent=178"}],"curies":[{"name":"wp","href":"https:\/\/api.w.org\/{rel}","templated":true}]}}